{"id":6777,"date":"2023-06-26T20:49:24","date_gmt":"2023-06-26T18:49:24","guid":{"rendered":"https:\/\/ednc.secteur-palaiseau.fr\/?page_id=6777"},"modified":"2023-07-02T09:57:11","modified_gmt":"2023-07-02T07:57:11","slug":"le-mot-de-bienvenue-n-71-juin-2023","status":"publish","type":"page","link":"https:\/\/ednc.secteur-palaiseau.fr\/?page_id=6777","title":{"rendered":"Le mot de bienvenue \u2013 N\u00b0 71 \u2013 Juin 2023"},"content":{"rendered":"\t\t<div data-elementor-type=\"wp-page\" data-elementor-id=\"6777\" class=\"elementor elementor-6777\">\n\t\t\t\t\t\t\t\t\t<section class=\"elementor-section elementor-top-section elementor-element elementor-element-0efd1b2 elementor-section-boxed elementor-section-height-default elementor-section-height-default\" data-id=\"0efd1b2\" data-element_type=\"section\">\n\t\t\t\t\t\t<div class=\"elementor-container elementor-column-gap-default\">\n\t\t\t\t\t<div class=\"elementor-column elementor-col-100 elementor-top-column elementor-element elementor-element-aa06fe2\" data-id=\"aa06fe2\" data-element_type=\"column\">\n\t\t\t<div class=\"elementor-widget-wrap elementor-element-populated\">\n\t\t\t\t\t\t\t\t<div class=\"elementor-element elementor-element-48e23a3 elementor-widget elementor-widget-text-editor\" data-id=\"48e23a3\" data-element_type=\"widget\" data-widget_type=\"text-editor.default\">\n\t\t\t\t<div class=\"elementor-widget-container\">\n\t\t\t\t\t\t\t<div class=\"elementor-element elementor-element-309dc40e elementor-widget elementor-widget-text-editor\" data-id=\"309dc40e\" data-element_type=\"widget\" data-widget_type=\"text-editor.default\"><div class=\"elementor-widget-container\"><div class=\"elementor-text-editor elementor-clearfix\"><p><em><strong>Jean-Luc Dup\u00e9 \u2013 Responsable pour la communication en secteur<\/strong><\/em><\/p><p>Cher lecteurs,<\/p><p>Pour t\u00e9moigner de notre Foi dans le Christ ressuscit\u00e9, partager ce qui se vit dans nos paroisses et rendre gr\u00e2ce.<\/p><p>Voil\u00e0 l&rsquo;ambition de l&rsquo;Echo De Nos Clochers.<\/p><p>Merci \u00e0 tous ceux et celles qui ont donn\u00e9 de leur temps pour nous partager leurs actions, leurs r\u00e9flexions, leur enthousiasme, leurs joie, leurs inqui\u00e9tudes.<\/p><p>Et dans ce num\u00e9ro nous retrouvons certains \u00e9v\u00e9nements reflets de l&rsquo;accueil, des c\u00e9l\u00e9brations, des f\u00eates.<br \/>La solidarit\u00e9 y a une bonne place avec le CCFD et l&rsquo;\u00e9cologie, les kermesses.<br \/>Nous revenons sur les c\u00e9l\u00e9brations du Sacrement de malades et de la Confirmation des jeunes.<br \/>Nous d\u00e9couvrons un peu plus le mouvement \u00ab\u00a0Esp\u00e9rance et Vie\u00a0\u00bb.<\/p><p>Et le futur de notre Eglise, avec les jeunes de l&rsquo;Aum\u00f4nerie et les Scouts.<\/p><p>C&rsquo;est aussi l&rsquo;occasion d'\u00a0\u00bbAppeler\u00a0\u00bb \u00e0 l&rsquo;engagement, avec le t\u00e9moignage sur l&rsquo;\u00e9quipe \u00ab\u00a0Esp\u00e9rance\u00a0\u00bb d&rsquo;accompagnement des familles en deuil, et de rappeler le devoir de renouvellement.<\/p><h2 style=\"text-align: center;\">Bonnes Vacances \u00e0 tous !<\/h2><p><b>Et si \u00e0 la rentr\u00e9e on se laissait toucher pour \u00ab\u00a0OSER\u00a0\u00bb rejoindre un groupe, mouvement ou service ! Rendez-vous d\u00e8s les premiers jours de septembre pour les Journ\u00e9es et autre Villages des Associations pour rencontrer les paroisses.<\/b><\/p><\/div><\/div><\/div>\t\t\t\t\t\t<\/div>\n\t\t\t\t<\/div>\n\t\t\t\t\t<\/div>\n\t\t<\/div>\n\t\t\t\t\t\t\t<\/div>\n\t\t<\/section>\n\t\t\t\t<section class=\"elementor-section elementor-top-section elementor-element elementor-element-2cec06c elementor-section-boxed elementor-section-height-default elementor-section-height-default\" data-id=\"2cec06c\" data-element_type=\"section\">\n\t\t\t\t\t\t<div class=\"elementor-container elementor-column-gap-default\">\n\t\t\t\t\t<div class=\"elementor-column elementor-col-100 elementor-top-column elementor-element elementor-element-c5170fb\" data-id=\"c5170fb\" data-element_type=\"column\">\n\t\t\t<div class=\"elementor-widget-wrap elementor-element-populated\">\n\t\t\t\t\t\t\t\t<div class=\"elementor-element elementor-element-2f58309 elementor-widget elementor-widget-text-editor\" data-id=\"2f58309\" data-element_type=\"widget\" data-widget_type=\"text-editor.default\">\n\t\t\t\t<div class=\"elementor-widget-container\">\n\t\t\t\t\t\t\t<p><strong>Une publication vit, quelle qu\u2019en soit la forme, s\u2019il y a des personnes qui ont envie de publier : des animateurs de la publication, des r\u00e9dacteurs r\u00e9guliers et occasionnels, des personnes en charge de la mise en page ou en ligne. <\/strong><\/p><p><strong>Alors, vous qui avez envie de continuer \u00e0 partager sur la vie du secteur, des groupes et des mouvements, sur l\u2019actualit\u00e9 du monde, les \u00e9v\u00e9nements de l\u2019ann\u00e9e liturgique, ce qui fonde notre foi\u2026 , faites vous conna\u00eetre aupr\u00e8s du P\u00e8re Jean-Fran\u00e7ois et du Responsable pour la communication en secteur \u00e0 l\u2019adresse : <a href=\"mailto:communication-secteur-palaiseau@orange.fr\">communication-secteur-palaiseau@orange.fr<\/a><br \/><\/strong><\/p><p><strong>Et si vous avez des comp\u00e9tences \u00e0 partager <\/strong><strong><strong> ou si vous \u00eates tent\u00e9s pour vous lancer <\/strong>dans le domaine de la communication et des sites internet, contactez-nous, il y a tant de choses \u00e0 d\u00e9couvrir et c\u2019est une bonne opportunit\u00e9 de se former!<\/strong><\/p>\t\t\t\t\t\t<\/div>\n\t\t\t\t<\/div>\n\t\t\t\t<div class=\"elementor-element elementor-element-f774cce elementor-widget elementor-widget-text-editor\" data-id=\"f774cce\" data-element_type=\"widget\" data-widget_type=\"text-editor.default\">\n\t\t\t\t<div class=\"elementor-widget-container\">\n\t\t\t\t\t\t\t<p><strong>L&rsquo;Equipe Communication du<\/strong> <strong>Secteur Pastoral de Palaiseau est constitu\u00e9e de :<\/strong><\/p><ul><li>Jean-Fran\u00e7ois Zakarian &#8211; Pr\u00eatre Responsable du Secteur<\/li><li>Jean-Luc Dup\u00e9 &#8211; Responsable<\/li><li>Solange Cardinal (BIV)<\/li><li>Florence Cucchiaro (BIV)<\/li><li>Ghislaine Sagna (SM&amp;SM)<\/li><li>Anne Dup\u00e9 (SM&amp;SM)<\/li><li>Michel Siret (SM&amp;SM)<\/li><li>Xavier Bertho (SM&amp;SM)<\/li><li>Jean-Louis Coullon (LVV)<\/li><li>Lionel Kubwimana (BIV)<\/li><li>Jo\u00ebl Bonnand (SM&amp;SM) &#8211; Photographe<\/li><\/ul>\t\t\t\t\t\t<\/div>\n\t\t\t\t<\/div>\n\t\t\t\t\t<\/div>\n\t\t<\/div>\n\t\t\t\t\t\t\t<\/div>\n\t\t<\/section>\n\t\t\t\t\t\t\t<\/div>\n\t\t","protected":false},"excerpt":{"rendered":"<p>Jean-Luc Dup\u00e9 \u2013 Responsable pour la communication en secteur Cher lecteurs, Pour t\u00e9moigner de notre Foi dans le Christ ressuscit\u00e9, partager ce qui se vit<\/p>\n","protected":false},"author":2,"featured_media":0,"parent":0,"menu_order":0,"comment_status":"closed","ping_status":"closed","template":"","meta":{"footnotes":""},"_links":{"self":[{"href":"https:\/\/ednc.secteur-palaiseau.fr\/index.php?rest_route=\/wp\/v2\/pages\/6777"}],"collection":[{"href":"https:\/\/ednc.secteur-palaiseau.fr\/index.php?rest_route=\/wp\/v2\/pages"}],"about":[{"href":"https:\/\/ednc.secteur-palaiseau.fr\/index.php?rest_route=\/wp\/v2\/types\/page"}],"author":[{"embeddable":true,"href":"https:\/\/ednc.secteur-palaiseau.fr\/index.php?rest_route=\/wp\/v2\/users\/2"}],"replies":[{"embeddable":true,"href":"https:\/\/ednc.secteur-palaiseau.fr\/index.php?rest_route=%2Fwp%2Fv2%2Fcomments&post=6777"}],"version-history":[{"count":10,"href":"https:\/\/ednc.secteur-palaiseau.fr\/index.php?rest_route=\/wp\/v2\/pages\/6777\/revisions"}],"predecessor-version":[{"id":6815,"href":"https:\/\/ednc.secteur-palaiseau.fr\/index.php?rest_route=\/wp\/v2\/pages\/6777\/revisions\/6815"}],"wp:attachment":[{"href":"https:\/\/ednc.secteur-palaiseau.fr\/index.php?rest_route=%2Fwp%2Fv2%2Fmedia&parent=6777"}],"curies":[{"name":"wp","href":"https:\/\/api.w.org\/{rel}","templated":true}]}}